{"id":2416,"date":"2024-12-04T10:48:14","date_gmt":"2024-12-04T09:48:14","guid":{"rendered":"http:\/\/www.weihnachtszeiten.de\/aktuell\/?page_id=2416"},"modified":"2024-12-04T11:44:47","modified_gmt":"2024-12-04T10:44:47","slug":"zitate-rund-um-weihnachten","status":"publish","type":"page","link":"http:\/\/www.weihnachtszeiten.de\/aktuell\/zitate-rund-um-weihnachten\/","title":{"rendered":"Zitate rund um Weihnachten"},"content":{"rendered":"<p><a href=\"http:\/\/www.weihnachtszeiten.de\/aktuell\/wp-content\/uploads\/2013\/12\/sister_s.png\" rel=\"lightbox[2416]\"><img loading=\"lazy\" decoding=\"async\" src=\"http:\/\/www.weihnachtszeiten.de\/aktuell\/wp-content\/uploads\/2013\/12\/sister_s.png\" alt=\"\" width=\"200\" height=\"110\" class=\"aligncenter size-full wp-image-820\" \/><\/a><\/p>\n<p class=\"zitat\"><a name=\"kalender\"><\/a><div style=\"text-align:center; margin:2px 10px 2px 10px;\"><span style=\"color:#4A567E\">\u00bbWeihnachten war die  Zeit der Stille und Besinnung, <br \/>\r\nbis jemand auf die Idee kam, da\u00df Geschenke sein m\u00fcssen.\u00ab<br\/><small>&nbsp;Herkunft unbekannt<\/small><\/span><\/div><\/p>\n<p class=\"zitat\"><a name=\"kalender\"><\/a><div style=\"text-align:center; margin:2px 10px 2px 10px;\"><span style=\"color:#4A567E\">\u00bbEs ist sehr fraglich, ob G\u00e4nse, Karpfen und Truth\u00e4hne<br \/>\r\ndas Weihnachtsfest als Erl\u00f6sung betrachten.\u00ab<br\/><small>&nbsp;Gerrit Vissers<\/small><\/span><\/div><\/p>\n<p class=\"zitat\"><a name=\"kalender\"><\/a><div style=\"text-align:center; margin:2px 10px 2px 10px;\"><span style=\"color:#4A567E\">\u00bbMeine Gro\u00dfmutter hat mir so lange eingeredet, das Christkind <br \/>\r\nsei ein Engel mit langem wei\u00dfen Haar, bis ich mir ganz sicher war, <br \/>\r\nda\u00df es einmal an meinem Fenster vorbeigeflogen ist.\u00ab<br\/><small>&nbsp;Rainhard Fendrich<\/small><\/span><\/div><\/p>\n<p class=\"zitat\"><a name=\"kalender\"><\/a><div style=\"text-align:center; margin:2px 10px 2px 10px;\"><span style=\"color:#4A567E\">\u00bbIn \u00fcberf\u00fcllten Gesch\u00e4ften Weihnachtseink\u00e4ufe machen zu m\u00fcssen <br \/>\r\nverursacht Santa Claustrophobie.\u00ab<br\/><small>&nbsp;Robert Owen<\/small><\/span><\/div><\/p>\n<p class=\"zitat\"><a name=\"kalender\"><\/a><div style=\"text-align:center; margin:2px 10px 2px 10px;\"><span style=\"color:#4A567E\">\u00bbJe dicker das Eis um Weihnacht liegt, je zeitiger der Bauer Fr\u00fchling kriegt.\u00ab<br\/><small>&nbsp;(Bauernregel)<\/small><\/span><\/div><\/p>\n<p class=\"zitat\"><a name=\"kalender\"><\/a><div style=\"text-align:center; margin:2px 10px 2px 10px;\"><span style=\"color:#4A567E\">\u00bbH\u00e4ngt um Weihnacht Eis von den Weiden, <br \/>\r\nkannst du zu Ostern Palmen schneiden.\u00ab<br\/><small>&nbsp;(Bauernregel)<\/small><\/span><\/div><\/p>\n<p class=\"zitat\"><a name=\"kalender\"><\/a><div style=\"text-align:center; margin:2px 10px 2px 10px;\"><span style=\"color:#4A567E\">\u00bbStern und Engel, Hirten und die Weisen k\u00fcnden uns das Gro\u00dfe, was geschah. <br \/>\r\nUnd wir loben, danken und wir preisen, Gott ist nah!\u00ab<br\/><small>&nbsp;Dietrich Bonhoeffer<\/small><\/span><\/div><\/p>\n<p class=\"zitat\"><a name=\"kalender\"><\/a><div style=\"text-align:center; margin:2px 10px 2px 10px;\"><span style=\"color:#4A567E\">\u00bbBei einer Kerze ist nicht das Wachs wichtig, sondern das Licht.\u00ab<br\/><small>&nbsp;(Antoine de Saint-Exup\u00e9ry)<\/small><\/span><\/div><\/p>\n<p class=\"zitat\"><a name=\"kalender\"><\/a><div style=\"text-align:center; margin:2px 10px 2px 10px;\"><span style=\"color:#4A567E\">\u00bbSchenken heisst, einem anderen etwas geben, <br \/>\r\nwas man am liebsten selbst behalten m\u00f6chte.\u00ab<br\/><small>&nbsp;Selma Lagerl\u00f6f<\/small><\/span><\/div><\/p>\n<p class=\"zitat\"><a name=\"kalender\"><\/a><div style=\"text-align:center; margin:2px 10px 2px 10px;\"><span style=\"color:#4A567E\">\u00bbF\u00fcr mich war der Weihnachtsmann immer so etwas <br \/>\r\nwie ein reaktion\u00e4res Symbol f\u00fcr Trost und \u00dcberflu\u00df.\u00ab<br\/><small>&nbsp;Sir Peter Ustinov<\/small><\/span><\/div><\/p>\n<p><!--Start Navigator--><a name=\"rezept\"><\/a><\/p>\n<table style=\"margin:auto;\" border=\"0\" align=\"center\">\n<tbody>\n<tr align=\"center\">\n<td><a href=\"javascript:history.back()\"><img loading=\"lazy\" decoding=\"async\" src=\"\/aktuell\/wp-content\/uploads\/p1\/links.gif\" border=\"0\" alt=\"einen Schritt zur&#252;ck\" width=\"40\" height=\"44\" \/><\/a><\/td>\n<td width=\"423\"><img loading=\"lazy\" decoding=\"async\" style=\"margin:15px;\" src=\"\/aktuell\/wp-content\/uploads\/p1\/line423.gif\" border=\"0\" alt=\"loading...\" hspace=\"20\" width=\"423\" height=\"23\" \/><\/td>\n<td><a href=\"?page_id=10\"><img loading=\"lazy\" decoding=\"async\" src=\"\/aktuell\/wp-content\/uploads\/p1\/rechts.gif\" border=\"0\" alt=\"zur Themen&#252;bersicht\" width=\"40\" height=\"44\" \/><\/a><\/td>\n<\/tr>\n<\/tbody>\n<\/table>\n<p><!--Ende Navigator--><\/p>\n<p class=\"zitat\"><a name=\"kalender\"><\/a><div style=\"text-align:center; margin:2px 10px 2px 10px;\"><span style=\"color:#4A567E\">\u00bbWeihnachten - Ein Fest der Freude. Leider wird dabei zu wenig gelacht.\u00ab<br\/><small>&nbsp;(Jean-Paul Sartre, 1905-80)<\/small><\/span><\/div><\/p>\n<p class=\"zitat\"><a name=\"kalender\"><\/a><div style=\"text-align:center; margin:2px 10px 2px 10px;\"><span style=\"color:#4A567E\">\u00bbIn der heiligen Nacht tritt man gern einmal aus der T\u00fcr <br \/>\r\nund steht allein unter dem Himmel, nur um zu sp\u00fcren, wie still es ist, <br \/>\r\nwie alles den Atem anh\u00e4lt, um auf das Wunder zu warten.\u00ab<br\/><small>&nbsp;(Heinrich Waggerl)<\/small><\/span><\/div><\/p>\n<p class=\"zitat\"><a name=\"kalender\"><\/a><div style=\"text-align:center; margin:2px 10px 2px 10px;\"><span style=\"color:#4A567E\">\u00bbIch w\u00e4rme mich an diesem St\u00fcck Christentum und nehme es entgegen wie ein M\u00e4rlein. Und dann ist es solch ein Fest f\u00fcr Frauen, denn diese Mutterbotschaft lebt ja immer noch weiter in jedem Weibe.\u00ab<br\/><small>&nbsp;(Paula Modersohn-Becker)<\/small><\/span><\/div><\/p>\n<p class=\"zitat\"><a name=\"kalender\"><\/a><div style=\"text-align:center; margin:2px 10px 2px 10px;\"><span style=\"color:#4A567E\">\u00bbWie leide ich vor Sehnsucht! W\u00e4re es doch Weihnachten.\u00ab<br\/><small>&nbsp;(Hans Christian Andersen)<\/small><\/span><\/div><\/p>\n<p class=\"zitat\"><a name=\"kalender\"><\/a><div style=\"text-align:center; margin:2px 10px 2px 10px;\"><span style=\"color:#4A567E\">\u00bbO Weihnacht! Weihnacht! H\u00f6chste Feier! Wir fassen ihre Wonne nicht.<br \/>\r\nSie h\u00fcllt in ihre heil'gen Schleier das seligste Geheimnis dicht.\u00ab<br\/><small>&nbsp;(Nikolaus Lenau)<\/small><\/span><\/div><\/p>\n<p class=\"zitat\"><a name=\"kalender\"><\/a><div style=\"text-align:center; margin:2px 10px 2px 10px;\"><span style=\"color:#4A567E\">\u00bbEine der Gefahren des Weihnachtsfestes ist,<br \/>\r\ndass wir von unserer Frau Geschenke bekommen, <br \/>\r\ndie wir uns nicht leisten k\u00f6nnen.\u00ab<br\/><small>&nbsp;Robert Lemke<\/small><\/span><\/div><\/p>\n<p class=\"zitat\"><a name=\"kalender\"><\/a><div style=\"text-align:center; margin:2px 10px 2px 10px;\"><span style=\"color:#4A567E\">\u00bbWenn Weihnachten n\u00e4her kommt, dann wird es heller in unserem Leben, <br \/>\r\nund die weihnachtliche Erwartung, sie ist wie sch\u00f6ne Musik.\u00ab<br\/><small>&nbsp;Rainer Kaune<\/small><\/span><\/div><\/p>\n<p class=\"zitat\"><a name=\"kalender\"><\/a><div style=\"text-align:center; margin:2px 10px 2px 10px;\"><span style=\"color:#4A567E\">\u00bbAdvent und Weihnachten ist wie ein Schl\u00fcsselloch, <br>durch das auf unsrem dunklen Erdenweg ein Schein aus der Heimat f\u00e4llt.\u00ab<br\/><small>&nbsp;Friedrich von Bodelschwingh<\/small><\/span><\/div><\/p>\n<p class=\"zitat\"><a name=\"kalender\"><\/a><div style=\"text-align:center; margin:2px 10px 2px 10px;\"><span style=\"color:#4A567E\">\u00bbEs ist schon das siebente Mal, <br \/>\r\ndass meine Schwiegermutter an Weihnachten zu uns kommt. <br \/>\r\nDiesmal lassen wir sie rein.\u00ab<br\/><small>&nbsp;Woody Allen<\/small><\/span><\/div><\/p>\n<p class=\"zitat\"><a name=\"kalender\"><\/a><div style=\"text-align:center; margin:2px 10px 2px 10px;\"><span style=\"color:#4A567E\">\u00bbWas wir an Weihnachten feiern, ist alles andere als eine Idylle. Die Krippe, die wir l\u00e4ngst in unsere warmen Stuben geholt haben, stand bekanntlich im Stall. Niemand war da, der der schwangeren Frau und dem jungen Mann aus Nazareth in Galil\u00e4a menschenw\u00fcrdige Bleibe zu geben bereit war. Kaum war das Kind zur Welt gekommen, mu\u00dfte die junge Familie fliehen, weil Herodes, der machtbesessene Herrscher, dem Kind Jesus nach dem Leben trachtete. Fl\u00fcchtlinge waren sie, politisch Verfolgte, Asylsuchende.\u00ab<br\/><small>&nbsp;(Walter Kasper)<\/small><\/span><\/div><\/p>\n<p><!--Start Navigator--><a name=\"rezept\"><\/a><\/p>\n<table style=\"margin:auto;\" border=\"0\" align=\"center\">\n<tbody>\n<tr align=\"center\">\n<td><a href=\"javascript:history.back()\"><img loading=\"lazy\" decoding=\"async\" src=\"\/aktuell\/wp-content\/uploads\/p1\/links.gif\" border=\"0\" alt=\"einen Schritt zur&#252;ck\" width=\"40\" height=\"44\" \/><\/a><\/td>\n<td width=\"423\"><img loading=\"lazy\" decoding=\"async\" style=\"margin:15px;\" src=\"\/aktuell\/wp-content\/uploads\/p1\/line423.gif\" border=\"0\" alt=\"loading...\" hspace=\"20\" width=\"423\" height=\"23\" \/><\/td>\n<td><a href=\"?page_id=10\"><img loading=\"lazy\" decoding=\"async\" src=\"\/aktuell\/wp-content\/uploads\/p1\/rechts.gif\" border=\"0\" alt=\"zur Themen&#252;bersicht\" width=\"40\" height=\"44\" \/><\/a><\/td>\n<\/tr>\n<\/tbody>\n<\/table>\n<p><!--Ende Navigator--><\/p>\n<p class=\"zitat\"><a name=\"kalender\"><\/a><div style=\"text-align:center; margin:2px 10px 2px 10px;\"><span style=\"color:#4A567E\">\u00bbWeihnachten - <br \/>\r\ndas Bild mit den verschneiten Tannen ist ja sehr sch\u00f6n, <br \/>\r\naber ich habe immer nur Stre\u00df und Tr\u00e4nen erlebt.\u00ab<br\/><small>&nbsp;(Konstantin Wecker)<\/small><\/span><\/div><\/p>\n<p class=\"zitat\"><a name=\"kalender\"><\/a><div style=\"text-align:center; margin:2px 10px 2px 10px;\"><span style=\"color:#4A567E\">\u00bbDie besinnlichen Tage zwischen Weihnachten und Neujahr <br \/>\r\nhaben schon manchen um die Besinnung gebracht.\u00ab<br\/><small>&nbsp;Joachim Ringelnatz<\/small><\/span><\/div><\/p>\n<p class=\"zitat\"><a name=\"kalender\"><\/a><div style=\"text-align:center; margin:2px 10px 2px 10px;\"><span style=\"color:#4A567E\">\u00bbWir machen uns ein gemeinsames Weihnachtsgeschenk, Peg!<br \/>\r\nIch kauf mir ne Knarre und du bekommst die Kugel!\u00ab<br\/><small>&nbsp;(Al Bundy)<\/small><\/span><\/div><\/p>\n<p class=\"zitat\"><a name=\"kalender\"><\/a><div style=\"text-align:center; margin:2px 10px 2px 10px;\"><span style=\"color:#4A567E\">\u00bbWeil das ganze Jahr \u00fcber die Liebe fehlt, werden zu Weihnachten die Kinder mit Geschenken bestraft.\u00ab<br\/><small>&nbsp;(Hubert Ries)<\/small><\/span><\/div><\/p>\n<p class=\"zitat\"><a name=\"kalender\"><\/a><div style=\"text-align:center; margin:2px 10px 2px 10px;\"><span style=\"color:#4A567E\">\u00bbDie Art des Gebens ist wichtiger<br \/>\r\nals die Gabe selbst.\u00ab<br\/><small>&nbsp;Pierre Corneille<\/small><\/span><\/div><\/p>\n<p class=\"zitat\"><a name=\"kalender\"><\/a><div style=\"text-align:center; margin:2px 10px 2px 10px;\"><span style=\"color:#4A567E\">\u00bbVermeiden Sie den Weihnachtsansturm, und kommen Sie schon jetzt in unsere Kirche. Freuen Sie sich nicht erst zu Weihnachten, da\u00df Christus geboren ist. Freuen Sie sich schon jetzt dar\u00fcber.\u00ab<br\/><small>&nbsp;Herkunft unbekannt<\/small><\/span><\/div><\/p>\n<p class=\"zitat\"><a name=\"kalender\"><\/a><div style=\"text-align:center; margin:2px 10px 2px 10px;\"><span style=\"color:#4A567E\">\u00bbWeihnachtszeit! Wer spricht von Siegen? \u00dcberstehen ist alles!\u00ab<br\/><small>&nbsp;(Rainer Maria Rilke)<\/small><\/span><\/div><\/p>\n<p class=\"zitat\"><a name=\"kalender\"><\/a><div style=\"text-align:center; margin:2px 10px 2px 10px;\"><span style=\"color:#4A567E\">\u00bbDas Geheimnis der Weihnacht besteht darin, <br \/>\r\ndass wir auf unserer Suche nach dem Grossen und Ausserordentlichen <br \/>\r\nauf das Unscheinbare und Kleine hingewiesen werden.\u00ab<br\/><small>&nbsp;Herkunft unbekannt<\/small><\/span><\/div><\/p>\n<p class=\"zitat\"><a name=\"kalender\"><\/a><div style=\"text-align:center; margin:2px 10px 2px 10px;\"><span style=\"color:#4A567E\">\u00bbVerge\u00dft nicht, Kinder, da\u00df es auch heute noch Menschen unter uns gibt,<br \/>\r\ndie ihre Weihnachtslieder selbst singen m\u00fcssen.\u00ab<br\/><small>&nbsp;Herkunft unbekannt<\/small><\/span><\/div><\/p>\n<p class=\"zitat\"><a name=\"kalender\"><\/a><div style=\"text-align:center; margin:2px 10px 2px 10px;\"><span style=\"color:#4A567E\">\u00bbDie Ware Weihnacht ist nicht die wahre Weihnacht.\u00ab<br\/><small>&nbsp;Kurt Marti (*1921)<\/small><\/span><\/div><\/p>\n<p><!--Start Navigator--><a name=\"rezept\"><\/a><\/p>\n<table style=\"margin:auto;\" border=\"0\" align=\"center\">\n<tbody>\n<tr align=\"center\">\n<td><a href=\"javascript:history.back()\"><img loading=\"lazy\" decoding=\"async\" src=\"\/aktuell\/wp-content\/uploads\/p1\/links.gif\" border=\"0\" alt=\"einen Schritt zur&#252;ck\" width=\"40\" height=\"44\" \/><\/a><\/td>\n<td width=\"423\"><img loading=\"lazy\" decoding=\"async\" style=\"margin:15px;\" src=\"\/aktuell\/wp-content\/uploads\/p1\/line423.gif\" border=\"0\" alt=\"loading...\" hspace=\"20\" width=\"423\" height=\"23\" \/><\/td>\n<td><a href=\"?page_id=10\"><img loading=\"lazy\" decoding=\"async\" src=\"\/aktuell\/wp-content\/uploads\/p1\/rechts.gif\" border=\"0\" alt=\"zur Themen&#252;bersicht\" width=\"40\" height=\"44\" \/><\/a><\/td>\n<\/tr>\n<\/tbody>\n<\/table>\n<p><!--Ende Navigator--><\/p>\n<p class=\"zitat\"><a name=\"kalender\"><\/a><div style=\"text-align:center; margin:2px 10px 2px 10px;\"><span style=\"color:#4A567E\">\u00bbWeihnachten offenbart die Temperaturen<br \/>\r\nim Umgang der Menschen untereinander.\u00ab<br\/><small>&nbsp;Karl Lehmann<\/small><\/span><\/div><\/p>\n<p class=\"zitat\"><a name=\"kalender\"><\/a><div style=\"text-align:center; margin:2px 10px 2px 10px;\"><span style=\"color:#4A567E\">\u00bbAdvent: Einbruch der Ewigkeit in die Zeit. <br \/>\r\nAufbruch von Furcht zur Freude.\u00ab<br\/><small>&nbsp;Peter Hahne<\/small><small>&nbsp;Tee-Adventkalender 2009<\/small><\/span><\/div><\/p>\n<p class=\"zitat\"><a name=\"kalender\"><\/a><div style=\"text-align:center; margin:2px 10px 2px 10px;\"><span style=\"color:#4A567E\">\u00bbWunder kommen nur zu denen, die daran glauben.\u00ab<br\/><small>&nbsp;aus Frankreich<\/small><\/span><\/div><\/p>\n<p class=\"zitat\"><a name=\"kalender\"><\/a><div style=\"text-align:center; margin:2px 10px 2px 10px;\"><span style=\"color:#4A567E\">\u00bbEine liebevolle Umarmung gibt dem K\u00f6rper mehr Kraft als zwei Stunden Schlaf\u00ab<br\/><small>&nbsp;Robert Bergmann<\/small><\/span><\/div><\/p>\n<p class=\"zitat\"><a name=\"kalender\"><\/a><div style=\"text-align:center; margin:2px 10px 2px 10px;\"><span style=\"color:#4A567E\">\u00bbAuch wenn man kein heller Kopf ist:<br \/>\r\nin der Adventszeit geht einem ein Licht nach dem anderen auf.\u00ab<br\/><small>&nbsp;Herkunft unbekannt<\/small><\/span><\/div><\/p>\n<p class=\"zitat\"><a name=\"kalender\"><\/a><div style=\"text-align:center; margin:2px 10px 2px 10px;\"><span style=\"color:#4A567E\">\u00bbWenn Weihnachten nicht Anlass w\u00e4re, unsere Segensw\u00fcnsche zu teilen,<br \/>\r\nw\u00fcrde aller Schnee aus Alaska Weihnachten nicht wirklich 'wei\u00df' machen.\u00ab<br\/><small>&nbsp;Bing Crosby (1904-1977)<\/small><\/span><\/div><\/p>\n<p class=\"zitat\"><a name=\"kalender\"><\/a><div style=\"text-align:center; margin:2px 10px 2px 10px;\"><span style=\"color:#4A567E\">\u00bbSto\u00dfen wir auf das V\u00e4terchen Frost und seine Enkelin Snegurotschka an.<br \/>\r\nSie werden weder alt noch krank und haben immer genug Geld <br \/>\r\nf\u00fcr Geschenke! Trinken wir darauf, dass wir auch so werden wie sie!\u00ab<br\/><small>&nbsp;Russischer Trinkspruch<\/small><\/span><\/div><\/p>\n<p class=\"zitat\"><a name=\"kalender\"><\/a><div style=\"text-align:center; margin:2px 10px 2px 10px;\"><span style=\"color:#4A567E\">\u00bbIch will Weihnachten ehren und versuchen es das ganze Jahr zu beherzigen.<br \/>\r\nIch will in der Vergangenheit, in der Gegenwart und in der Zukunft leben.\u00ab<br\/><small>&nbsp;Charles Dickens<\/small><small>&nbsp;Ebenezer Scrooge - Eine Weihnachtsgeschichte<\/small><\/span><\/div><\/p>\n<p class=\"zitat\"><a name=\"kalender\"><\/a><div style=\"text-align:center; margin:2px 10px 2px 10px;\"><span style=\"color:#4A567E\">\u00bbWeihnachten ist der H\u00f6hepunkt des Christenjahres,<br \/>\r\ndenn an Weinachten hat der Heiland den Einzelhandel gerettet.\u00ab<br\/><small>&nbsp;Dieter Nuhr<\/small><\/span><\/div><\/p>\n<p class=\"zitat\"><a name=\"kalender\"><\/a><div style=\"text-align:center; margin:2px 10px 2px 10px;\"><span style=\"color:#4A567E\">\u00bbG\u00fcte in den Worten erzeugt Vertrauen;<br \/>\r\nG\u00fcte im Denken erzeugt Tiefe;<br \/>\r\nG\u00fcte beim Verschenken erzeugt Liebe.\u00ab<br\/><small>&nbsp;Laotse<\/small><\/span><\/div><\/p>\n<p class=\"zitat\"><a name=\"kalender\"><\/a><div style=\"text-align:center; margin:2px 10px 2px 10px;\"><span style=\"color:#4A567E\">\u00bbDer moderne Mensch kann mit Advent und Weihnachten nichts mehr anfangen. <br \/>\r\nEr hat aber noch keinen vergleichbaren Ersatz gefunden.\u00ab<br\/><small>&nbsp;Gudrun Kropp<\/small><\/span><\/div><\/p>\n<p class=\"zitat\"><a name=\"kalender\"><\/a><div style=\"text-align:center; margin:2px 10px 2px 10px;\"><span style=\"color:#4A567E\">\u00bbMach dir keinen Gedanken \u00fcber die Gr\u00f6\u00dfe deines Christbaums. <br \/>\r\nIn den Augen der Kinder sind sie allesamt zehn Meter hoch.\u00ab<br\/><small>&nbsp;Herkunft unbekannt<\/small><\/span><\/div><\/p>\n<p class=\"zitat\"><a name=\"kalender\"><\/a><div style=\"text-align:center; margin:2px 10px 2px 10px;\"><span style=\"color:#4A567E\">\u00bbDie Nacht vor dem heiligen Abend, da liegen die Kinder im Traum.<br \/>\r\nSie tr\u00e4umen von sch\u00f6nen Sachen und von dem Weihnachtsbaum.\u00ab<br\/><small>&nbsp;Robert Reinick<\/small><small>&nbsp;- Die Nacht vor dem heiligen Abend<\/small><\/span><\/div><\/p>\n<p class=\"zitat\"><a name=\"kalender\"><\/a><div style=\"text-align:center; margin:2px 10px 2px 10px;\"><span style=\"color:#4A567E\">\u00bbEs ist Weihnachten, und das wird in Gro\u00dfbritannien <br \/>\r\n[\u2026] gefeiert wie Karneval.\u00ab<br\/><small>&nbsp;Uwe Schwering<\/small><\/span><\/div><\/p>\n<p class=\"zitat\"><a name=\"kalender\"><\/a><div style=\"text-align:center; margin:2px 10px 2px 10px;\"><span style=\"color:#4A567E\">\u00bbFr\u00fcher hie\u00df die Zeit vor Weihnachten Advent. Heute hei\u00dft sie \u00bbMeditative Dynamik\u00ab und diese Zeit dauert vom Sommerschlu\u00dfverkauf bis zum ersten Werktag nach Weihnachten, an dem ein Umtausch von Geschenken m\u00f6glich ist\u2026\u00ab<br\/><small>&nbsp;Markus Romer, St. Gallen\/Schweiz<\/small><\/span><\/div><\/p>\n<p class=\"zitat\"><a name=\"kalender\"><\/a><div style=\"text-align:center; margin:2px 10px 2px 10px;\"><span style=\"color:#4A567E\">\u00bbHerrscht im Advent recht strenge K\u00e4lt',<br \/>\r\nsie volle achtzehn Wochen h\u00e4lt.\u00ab<br\/><small>&nbsp;(Bauernregel)<\/small><\/span><\/div><\/p>\n<p class=\"zitat\"><a name=\"kalender\"><\/a><div style=\"text-align:center; margin:2px 10px 2px 10px;\"><span style=\"color:#4A567E\">\u00bbReligion muss sein, sonst ist man an einigen Festen wie Weihnachten, <br\/>Ostern, Pfingsten, Christi Himmelfahrt schwer aufgeschmissen.\u00ab<br\/><small>&nbsp;Grundsch\u00fcler, 10 Jahre <br\/><\/small><small>&nbsp;\ud83d\ude09<\/small><\/span><\/div><\/p>\n<p class=\"zitat\"><a name=\"kalender\"><\/a><div style=\"text-align:center; margin:2px 10px 2px 10px;\"><span style=\"color:#4A567E\">\u00bbDer k\u00fcrzeste Weg zwischen zwei Menschen ist ein L\u00e4cheln.\u00ab<br\/><small>&nbsp;Sprichwort aus China<\/small><\/span><\/div><\/p>\n<p class=\"zitat\"><a name=\"kalender\"><\/a><div style=\"text-align:center; margin:2px 10px 2px 10px;\"><span style=\"color:#4A567E\">\u00bbHoller boller Rumpelsack, Nikolaus tr\u00e4gt ihn huckepack. <br \/>\r\nWeihnachtsn\u00fcsse gelb und braun, runzlig punzlig anzuschaun. <br \/>\r\nKnackt die Schale, springt der Kern, Weihnachtsn\u00fcsse ess ich gern. <br \/>\r\nKomm bald wieder in dies Haus, guter alter Nikolaus.\u00ab<br\/><small>&nbsp;Volksgut<\/small><\/span><\/div><\/p>\n<p class=\"zitat\"><a name=\"kalender\"><\/a><div style=\"text-align:center; margin:2px 10px 2px 10px;\"><span style=\"color:#4A567E\">\u00bbUnd dann bitte ich das Gericht zu entscheiden was schlimmer ist: <br \/>\r\nEine Wahrheit die eine Tr\u00e4ne entlockt <br \/>\r\noder eine L\u00fcge, die ein L\u00e4cheln entlockt?\u00ab<br\/><small>&nbsp;aus dem Film \"Das Wunder von Manhattan\"<\/small><\/span><\/div><\/p>\n<p><!--Start Navigator--><a name=\"rezept\"><\/a><\/p>\n<table style=\"margin:auto;\" border=\"0\" align=\"center\">\n<tbody>\n<tr align=\"center\">\n<td><a href=\"javascript:history.back()\"><img loading=\"lazy\" decoding=\"async\" src=\"\/aktuell\/wp-content\/uploads\/p1\/links.gif\" border=\"0\" alt=\"einen Schritt zur&#252;ck\" width=\"40\" height=\"44\" \/><\/a><\/td>\n<td width=\"423\"><img loading=\"lazy\" decoding=\"async\" style=\"margin:15px;\" src=\"\/aktuell\/wp-content\/uploads\/p1\/line423.gif\" border=\"0\" alt=\"loading...\" hspace=\"20\" width=\"423\" height=\"23\" \/><\/td>\n<td><a href=\"?page_id=10\"><img loading=\"lazy\" decoding=\"async\" src=\"\/aktuell\/wp-content\/uploads\/p1\/rechts.gif\" border=\"0\" alt=\"zur Themen&#252;bersicht\" width=\"40\" height=\"44\" \/><\/a><\/td>\n<\/tr>\n<\/tbody>\n<\/table>\n<p><!--Ende Navigator--><\/p>\n<p class=\"zitat\"><a name=\"kalender\"><\/a><div style=\"text-align:center; margin:2px 10px 2px 10px;\"><span style=\"color:#4A567E\">\u00bbObwohl wir in Gott vertrauen, haben wir keinen Beweis f\u00fcr die wahre Existenz von Gott. Genauso wenig haben wir einen Beweis f\u00fcr die Existenz oder Nichtexistenz des Weihnachtsmannes.\u00ab<br\/><small>&nbsp;aus dem Film \"Das Wunder von Manhattan\"<\/small><\/span><\/div><\/p>\n<p class=\"zitat\"><a name=\"kalender\"><\/a><div style=\"text-align:center; margin:2px 10px 2px 10px;\"><span style=\"color:#4A567E\">\u00bbWeihnachten macht die Frohen und Lebenst\u00fcchtigen froher, die Betr\u00fcbten aber, die schwer am Leben tragen, trauriger. Weihnachten macht bewu\u00dfter als jeder andere Tag, wer im Licht und wer im Schatten lebt.\u00ab<br\/><small>&nbsp;Gustav Heinemann<\/small><\/span><\/div><\/p>\n<p class=\"zitat\"><a name=\"kalender\"><\/a><div style=\"text-align:center; margin:2px 10px 2px 10px;\"><span style=\"color:#4A567E\">\u00bbJe mehr Lichter brennen, desto froher werden die Knaben und M\u00e4dchen. <br \/>\r\nUnd brennt der volle Kranz mit allen 24 Lichtern, dann ist er da, <br \/>\r\nder heilige Christ in all seiner Herrlichkeit.\"\u00ab<br\/><small>&nbsp;Johann Hinrich Wichern<\/small><\/span><\/div><\/p>\n<p class=\"zitat\"><a name=\"kalender\"><\/a><div style=\"text-align:center; margin:2px 10px 2px 10px;\"><span style=\"color:#4A567E\">\u00bbDas ist die liebe Weihnachtszeit! Ich h\u00f6re ferner Kirchenglocken<br \/>\r\nMich lieblich heimatlich verlocken; In m\u00e4rchenstille Herrlichkeit.\u00ab<br\/><small>&nbsp;Theodor Storm<\/small><\/span><\/div><\/p>\n<p class=\"zitat\"><a name=\"kalender\"><\/a><div style=\"text-align:center; margin:2px 10px 2px 10px;\"><span style=\"color:#4A567E\">\u00bbMein Kind, es sind allhier die Dinge, gleichviel, ob gro\u00dfe, ob geringe,<br \/>\r\nim Wesentlichen so verpackt, dass man sie nicht wie N\u00fcsse knackt.\u00ab<br\/><small>&nbsp;Wilhelm Busch<\/small><\/span><\/div><\/p>\n<p class=\"zitat\"><a name=\"kalender\"><\/a><div style=\"text-align:center; margin:2px 10px 2px 10px;\"><span style=\"color:#4A567E\">\u00bbEs wird mit Recht ein guter Braten gerechnet zu den guten Taten.\u00ab<br\/><small>&nbsp;Wilhelm Busch (1832-1908)<\/small><\/span><\/div><\/p>\n<p class=\"zitat\"><a name=\"kalender\"><\/a><div style=\"text-align:center; margin:2px 10px 2px 10px;\"><span style=\"color:#4A567E\">\u00bbWo man am meisten drauf erpicht, gerade das bekommt man nicht.\u00ab<br\/><small>&nbsp;Wilhelm Busch (1832-1908)<\/small><\/span><\/div><\/p>\n<p class=\"zitat\"><a name=\"kalender\"><\/a><div style=\"text-align:center; margin:2px 10px 2px 10px;\"><span style=\"color:#4A567E\">\u00bbSchau in der Andreasnacht <br \/>\r\nwas f\u00fcr Gesicht das Wetter macht.\u00ab<\/span><\/div><\/p>\n<p class=\"zitat\"><a name=\"kalender\"><\/a><div style=\"text-align:center; margin:2px 10px 2px 10px;\"><span style=\"color:#4A567E\">\u00bbEs ist besser, ein einziges kleines Licht anzuz\u00fcnden als die Dunkelheit zu verfluchen.\u00ab<br\/><small>&nbsp;Konfuzius<\/small><\/span><\/div><\/p>\n<p class=\"zitat\"><a name=\"kalender\"><\/a><div style=\"text-align:center; margin:2px 10px 2px 10px;\"><span style=\"color:#4A567E\">\u00bbO heilige Barbara, du edle Braut!<br \/>\r\nDir sei Leib und Seele anvertraut;<br \/>\r\nSowohl im Leben als im Tod;<br \/>\r\nKomm mir zu Hilfe in letzter Not,<br \/>\r\nUnd reiche mir vorm letzten End`<br \/>\r\nDas allerheiligste Sakrament.\u00ab<\/span><\/div><\/p>\n<p><!--Start Navigator--><a name=\"rezept\"><\/a><\/p>\n<table style=\"margin:auto;\" border=\"0\" align=\"center\">\n<tbody>\n<tr align=\"center\">\n<td><a href=\"javascript:history.back()\"><img loading=\"lazy\" decoding=\"async\" src=\"\/aktuell\/wp-content\/uploads\/p1\/links.gif\" border=\"0\" alt=\"einen Schritt zur&#252;ck\" width=\"40\" height=\"44\" \/><\/a><\/td>\n<td width=\"423\"><img loading=\"lazy\" decoding=\"async\" style=\"margin:15px;\" src=\"\/aktuell\/wp-content\/uploads\/p1\/line423.gif\" border=\"0\" alt=\"loading...\" hspace=\"20\" width=\"423\" height=\"23\" \/><\/td>\n<td><a href=\"?page_id=10\"><img loading=\"lazy\" decoding=\"async\" src=\"\/aktuell\/wp-content\/uploads\/p1\/rechts.gif\" border=\"0\" alt=\"zur Themen&#252;bersicht\" width=\"40\" height=\"44\" \/><\/a><\/td>\n<\/tr>\n<\/tbody>\n<\/table>\n<p><!--Ende Navigator--><\/p>\n<p class=\"zitat\"><a name=\"kalender\"><\/a><div style=\"text-align:center; margin:2px 10px 2px 10px;\"><span style=\"color:#4A567E\">\u00bbEs ist sch\u00f6n, den Augen dessen zu begegnen, dem man soeben etwas geschenkt hat.\u00ab<br\/><small>&nbsp;Jean de la Bruy\u00e8re<\/small><\/span><\/div><\/p>\n<p class=\"zitat\"><a name=\"kalender\"><\/a><div style=\"text-align:center; margin:2px 10px 2px 10px;\"><span style=\"color:#4A567E\">\u00bbMassenunterhaltungen sind moderne Krippenspiele,<br> an denen zwar keine Heiligen, <br>aber daf\u00fcr sehr, sehr viele Ochsen und Eseln teilnehmen.\u00ab<br\/><small>&nbsp;Ernst Ferstl<\/small><\/span><\/div><\/p>\n<p class=\"zitat\"><a name=\"kalender\"><\/a><div style=\"text-align:center; margin:2px 10px 2px 10px;\"><span style=\"color:#4A567E\">\u00bbIn dieser Welt ist nicht trauriger als am Weihnachtsmorgen zu erwachen und kein Kind zu sein.\u00ab<br\/><small>&nbsp;Erma Bombeck (1927-1996)<\/small><\/span><\/div><\/p>\n<p class=\"zitat\"><a name=\"kalender\"><\/a><div style=\"text-align:center; margin:2px 10px 2px 10px;\"><span style=\"color:#4A567E\">\u00bbIn den Seiten meiner ersten Exemplare von 'Die Schatzinsel' oder 'Huckleberry Finn' sind einige blauliche Fichtennadeln verstreut und sie riechen noch immer nach Weihnachten.\u00ab<br\/><small>&nbsp;Charlton Heston  (1923-2008)<\/small><\/span><\/div><\/p>\n<p class=\"zitat\"><a name=\"kalender\"><\/a><div style=\"text-align:center; margin:2px 10px 2px 10px;\"><span style=\"color:#4A567E\">\u00bbIch glaube wirklich, wenn wir die Weihnachtsgeschichte erz\u00e4hlen, Weihnachtslieder singen und die Weihnachtsstimmung lebendig halten, dann k\u00f6nnen wir Freude,Gl\u00fcck und Frieden in diese Welt bringen.\u00ab<br\/><small>&nbsp;Norman Vincent Peale (1898-1993)<\/small><\/span><\/div><\/p>\n<p class=\"zitat\"><a name=\"kalender\"><\/a><div style=\"text-align:center; margin:2px 10px 2px 10px;\"><span style=\"color:#4A567E\">\u00bbWer Weihnachten nicht in seinem Herzen hat, der wird auch nie Weihnachten unter einem Baum finden.\u00ab<br\/><small>&nbsp;Sunshine Magazin<\/small><\/span><\/div><\/p>\n<p class=\"zitat\"><a name=\"kalender\"><\/a><div style=\"text-align:center; margin:2px 10px 2px 10px;\"><span style=\"color:#4A567E\">\u00bbObwohl wir in Gott vertrauen, haben wir keinen Beweis f\u00fcr die wahre Existenz <br \/>\r\nvon Gott. Genauso wenig haben wir einen Beweis f\u00fcr die Existenz <br \/>\r\noder Nichtexistenz des Weihnachtsmannes.\u00ab<br\/><small>&nbsp;aus dem Film \"Das Wunder von Manhattan\"<\/small><\/span><\/div><\/p>\n<p class=\"zitat\"><a name=\"kalender\"><\/a><div style=\"text-align:center; margin:2px 10px 2px 10px;\"><span style=\"color:#4A567E\">\u00bbBlicke oft zu den Sternen empor \u2013 als wandelst du mit ihnen. Solche Gedanken reinigen die Seele von dem Schmutz des Erdenlebens.<br \/>\r\nMarc Aurel\u00ab<br\/><small>&nbsp;Marc Aurel<\/small><\/span><\/div><\/p>\n<p class=\"zitat\"><a name=\"kalender\"><\/a><div style=\"text-align:center; margin:2px 10px 2px 10px;\"><span style=\"color:#4A567E\">\u00bb\u00ab<\/span><\/div><\/p>\n<p class=\"zitat\"><a name=\"kalender\"><\/a><div style=\"text-align:center; margin:2px 10px 2px 10px;\"><span style=\"color:#4A567E\">\u00bbTausende von Kerzen kann man am Licht einer Kerze anz\u00fcnden<br \/>\r\nohne da\u00df ihr Licht schw\u00e4cher wird.<br \/>\r\nFreude nimmt nicht ab, wenn sie geteilt wird.\u00ab<br\/><small>&nbsp;Buddha<\/small><\/span><\/div><\/p>\n<div id=\"attachment_1177\" style=\"width: 570px\" class=\"wp-caption aligncenter\"><a href=\"http:\/\/www.weihnachtszeiten.de\/aktuell\/wp-content\/uploads\/2019\/12\/0010_1450811436-e1576943303346.jpg\" rel=\"lightbox[2416]\"><img loading=\"lazy\" decoding=\"async\" aria-describedby=\"caption-attachment-1177\" src=\"http:\/\/www.weihnachtszeiten.de\/aktuell\/wp-content\/uploads\/2019\/12\/0010_1450811436-e1576943303346-560x560.jpg\" alt=\"Dezember 1970\" width=\"560\" height=\"560\" class=\"size-large wp-image-1177\" srcset=\"http:\/\/www.weihnachtszeiten.de\/aktuell\/wp-content\/uploads\/2019\/12\/0010_1450811436-e1576943303346-560x560.jpg 560w, http:\/\/www.weihnachtszeiten.de\/aktuell\/wp-content\/uploads\/2019\/12\/0010_1450811436-e1576943303346-270x270.jpg 270w, http:\/\/www.weihnachtszeiten.de\/aktuell\/wp-content\/uploads\/2019\/12\/0010_1450811436-e1576943303346-150x150.jpg 150w, http:\/\/www.weihnachtszeiten.de\/aktuell\/wp-content\/uploads\/2019\/12\/0010_1450811436-e1576943303346-768x768.jpg 768w, http:\/\/www.weihnachtszeiten.de\/aktuell\/wp-content\/uploads\/2019\/12\/0010_1450811436-e1576943303346.jpg 1000w\" sizes=\"auto, (max-width: 560px) 100vw, 560px\" \/><\/a><p id=\"caption-attachment-1177\" class=\"wp-caption-text\">Und es gibt ihn doch! 1970<\/p><\/div>\n","protected":false},"excerpt":{"rendered":"","protected":false},"author":1,"featured_media":0,"parent":0,"menu_order":0,"comment_status":"closed","ping_status":"closed","template":"","meta":{"footnotes":""},"class_list":["post-2416","page","type-page","status-publish","hentry"],"_links":{"self":[{"href":"http:\/\/www.weihnachtszeiten.de\/aktuell\/wp-json\/wp\/v2\/pages\/2416","targetHints":{"allow":["GET"]}}],"collection":[{"href":"http:\/\/www.weihnachtszeiten.de\/aktuell\/wp-json\/wp\/v2\/pages"}],"about":[{"href":"http:\/\/www.weihnachtszeiten.de\/aktuell\/wp-json\/wp\/v2\/types\/page"}],"author":[{"embeddable":true,"href":"http:\/\/www.weihnachtszeiten.de\/aktuell\/wp-json\/wp\/v2\/users\/1"}],"replies":[{"embeddable":true,"href":"http:\/\/www.weihnachtszeiten.de\/aktuell\/wp-json\/wp\/v2\/comments?post=2416"}],"version-history":[{"count":0,"href":"http:\/\/www.weihnachtszeiten.de\/aktuell\/wp-json\/wp\/v2\/pages\/2416\/revisions"}],"wp:attachment":[{"href":"http:\/\/www.weihnachtszeiten.de\/aktuell\/wp-json\/wp\/v2\/media?parent=2416"}],"curies":[{"name":"wp","href":"https:\/\/api.w.org\/{rel}","templated":true}]}}