{"id":175,"date":"2020-11-20T21:14:54","date_gmt":"2020-11-20T20:14:54","guid":{"rendered":"http:\/\/www.weihnachtszeiten.de\/aktuell\/?page_id=175"},"modified":"2025-11-29T07:54:42","modified_gmt":"2025-11-29T06:54:42","slug":"kalender","status":"publish","type":"page","link":"http:\/\/www.weihnachtszeiten.de\/aktuell\/kalender\/","title":{"rendered":"Kalender 2025"},"content":{"rendered":"<p class=\"zitat\"><a name=\"kalender\"><\/a><div style=\"text-align:center; margin:2px 10px 2px 10px;\"><span style=\"color:#4A567E\">\u00bbF\u00fcr mich war der Weihnachtsmann immer so etwas <br \/>\r\nwie ein reaktion\u00e4res Symbol f\u00fcr Trost und \u00dcberflu\u00df.\u00ab<br\/><small>&nbsp;Sir Peter Ustinov<\/small><\/span><\/div><\/p>\n<p>Geduld, ihr Neugiernasen! <\/p>\n<table style=\"margin: auto; border:0px;\" width=\"540\" border=\"0\" cellspacing=\"1\" cellpadding=\"1\">\n<tbody>\n<tr>\n<td><a href=\"?page_id=183\"><img loading=\"lazy\" decoding=\"async\" src=\"\/aktuell\/wp-content\/uploads\/kalender\/kalender2_1x1.jpg\" alt=\"1. Dezember\" width=\"90\" height=\"80\" border=\"0\" \/><\/a><\/td>\n<td><a href=\"?page_id=184\"><img loading=\"lazy\" decoding=\"async\" src=\"\/aktuell\/wp-content\/uploads\/kalender\/kalender2_1x2.jpg\" alt=\"2. Dezember\" width=\"90\" height=\"80\" border=\"0\" \/><\/a><\/td>\n<td><a href=\"?page_id=185\"><img loading=\"lazy\" decoding=\"async\" src=\"\/aktuell\/wp-content\/uploads\/kalender\/kalender2_1x3.jpg\" alt=\"3. Dezember\" width=\"90\" height=\"80\" border=\"0\" \/><\/a><\/td>\n<td><a href=\"?page_id=186\"><img loading=\"lazy\" decoding=\"async\" src=\"\/aktuell\/wp-content\/uploads\/kalender\/kalender2_1x4.jpg\" alt=\"4. Dezember\" width=\"90\" height=\"80\" border=\"0\" \/><\/a><\/td>\n<td><a href=\"?page_id=187\"><img loading=\"lazy\" decoding=\"async\" src=\"\/aktuell\/wp-content\/uploads\/kalender\/kalender2_1x5.jpg\" alt=\"5. Dezember\" width=\"90\" height=\"80\" border=\"0\" \/><\/a><\/td>\n<td><a href=\"?page_id=188\"><img loading=\"lazy\" decoding=\"async\" src=\"\/aktuell\/wp-content\/uploads\/kalender\/kalender2_1x6.jpg\" alt=\"6. Dezember\" width=\"90\" height=\"80\" border=\"0\" \/><\/a><\/td>\n<\/tr>\n<tr>\n<td><a href=\"?page_id=189\"><img loading=\"lazy\" decoding=\"async\" src=\"\/aktuell\/wp-content\/uploads\/kalender\/kalender2_2x1.jpg\" alt=\"7. Dezember\" width=\"90\" height=\"80\" border=\"0\" \/><\/a><\/td>\n<td><a href=\"?page_id=190\"><img loading=\"lazy\" decoding=\"async\" src=\"\/aktuell\/wp-content\/uploads\/kalender\/kalender2_2x2.jpg\" alt=\"8. Dezember\" width=\"90\" height=\"80\" border=\"0\" \/><\/a><\/td>\n<td><a href=\"?page_id=191\"><img loading=\"lazy\" decoding=\"async\" src=\"\/aktuell\/wp-content\/uploads\/kalender\/kalender2_2x3.jpg\" alt=\"9. Dezember\" width=\"90\" height=\"80\" border=\"0\" \/><\/a><\/td>\n<td><a href=\"?page_id=192\"><img loading=\"lazy\" decoding=\"async\" src=\"\/aktuell\/wp-content\/uploads\/kalender\/kalender2_2x4.jpg\" alt=\"10. Dezember\" width=\"90\" height=\"80\" border=\"0\" \/><\/a><\/td>\n<td><a href=\"?page_id=193\"><img loading=\"lazy\" decoding=\"async\" src=\"\/aktuell\/wp-content\/uploads\/kalender\/kalender2_2x5.jpg\" alt=\"11. Dezember\" width=\"90\" height=\"80\" border=\"0\" \/><\/a><\/td>\n<td><a href=\"?page_id=194\"><img loading=\"lazy\" decoding=\"async\" src=\"\/aktuell\/wp-content\/uploads\/kalender\/kalender2_2x6.jpg\" alt=\"12. Dezember\" width=\"90\" height=\"80\" border=\"0\" \/><\/a><\/td>\n<\/tr>\n<tr>\n<td><a href=\"?page_id=195\"><img loading=\"lazy\" decoding=\"async\" src=\"\/aktuell\/wp-content\/uploads\/kalender\/kalender2_3x1.jpg\" alt=\"13. Dezember\" width=\"90\" height=\"80\" border=\"0\" \/><\/a><\/td>\n<td><a href=\"?page_id=196\"><img loading=\"lazy\" decoding=\"async\" src=\"\/aktuell\/wp-content\/uploads\/kalender\/kalender2_3x2.jpg\" alt=\"14. Dezember\" width=\"90\" height=\"80\" border=\"0\" \/><\/a><\/td>\n<td><a href=\"?page_id=197\"><img loading=\"lazy\" decoding=\"async\" src=\"\/aktuell\/wp-content\/uploads\/kalender\/kalender2_3x3.jpg\" alt=\"15. Dezember\" width=\"90\" height=\"80\" border=\"0\" \/><\/a><\/td>\n<td><a href=\"?page_id=198\"><img loading=\"lazy\" decoding=\"async\" src=\"\/aktuell\/wp-content\/uploads\/kalender\/kalender2_3x4.jpg\" alt=\"16. Dezember\" width=\"90\" height=\"80\" border=\"0\" \/><\/a><\/td>\n<td><a href=\"?page_id=199\"><img loading=\"lazy\" decoding=\"async\" src=\"\/aktuell\/wp-content\/uploads\/kalender\/kalender2_3x5.jpg\" alt=\"17. Dezember\" width=\"90\" height=\"80\" border=\"0\" \/><\/a><\/td>\n<td><a href=\"?page_id=200\"><img loading=\"lazy\" decoding=\"async\" src=\"\/aktuell\/wp-content\/uploads\/kalender\/kalender2_3x6.jpg\" alt=\"18. Dezember\" width=\"90\" height=\"80\" border=\"0\" \/><\/a><\/td>\n<\/tr>\n<tr>\n<td><a href=\"?page_id=201\"><img loading=\"lazy\" decoding=\"async\" src=\"\/aktuell\/wp-content\/uploads\/kalender\/kalender2_4x1.jpg\" alt=\"19. Dezember\" width=\"90\" height=\"80\" border=\"0\" \/><\/a><\/td>\n<td><a href=\"?page_id=202\"><img loading=\"lazy\" decoding=\"async\" src=\"\/aktuell\/wp-content\/uploads\/kalender\/kalender2_4x2.jpg\" alt=\"20. Dezember\" width=\"90\" height=\"80\" border=\"0\" \/><\/a><\/td>\n<td><a href=\"?page_id=203\"><img loading=\"lazy\" decoding=\"async\" src=\"\/aktuell\/wp-content\/uploads\/kalender\/kalender2_4x3.jpg\" alt=\"21. Dezember\" width=\"90\" height=\"80\" border=\"0\" \/><\/a><\/td>\n<td><a href=\"?page_id=204\"><img loading=\"lazy\" decoding=\"async\" src=\"\/aktuell\/wp-content\/uploads\/kalender\/kalender2_4x4.jpg\" alt=\"22. Dezember\" width=\"90\" height=\"80\" border=\"0\" \/><\/a><\/td>\n<td><a href=\"?page_id=205\"><img loading=\"lazy\" decoding=\"async\" src=\"\/aktuell\/wp-content\/uploads\/kalender\/kalender2_4x5.jpg\" alt=\"23. Dezember\" width=\"90\" height=\"80\" border=\"0\" \/><\/a><\/td>\n<td><a href=\"?page_id=206\"><img loading=\"lazy\" decoding=\"async\" src=\"\/aktuell\/wp-content\/uploads\/kalender\/kalender2_4x6.jpg\" alt=\"24. Dezember\" width=\"90\" height=\"80\" border=\"0\" \/><\/a><\/td>\n<\/tr>\n<\/tbody>\n<\/table>\n<p style=\"text-align: center;\"><small>Wie schon in den letzten Jahren &#8211; f&#252;r den Kalender malte Terry Redlin<\/small><br \/>\n~~~ Heading Home ~~~<\/p>\n<p><a name=\"his\"><\/a><\/p>\n<table style=\"margin: auto;\" border=\"0\" align=\"center\">\n<tbody>\n<tr align=\"center\">\n<td><a name=\"his\"><\/a><a href=\"javascript:history.back()\"><img loading=\"lazy\" decoding=\"async\" src=\"\/aktuell\/wp-content\/uploads\/p1\/links.gif\" alt=\"einen Schritt zur\u00c3\u00bcck\" width=\"40\" height=\"44\" border=\"0\" \/><\/a><\/td>\n<td width=\"423\"><img loading=\"lazy\" decoding=\"async\" style=\"margin: 15px;\" src=\"\/aktuell\/wp-content\/uploads\/p1\/line423.gif\" alt=\"loading...\" width=\"423\" height=\"23\" border=\"0\" hspace=\"20\" \/><\/td>\n<td><a href=\"http:\/\/www.weihnachtszeiten.de\/aktuell\/\"><img loading=\"lazy\" decoding=\"async\" src=\"\/aktuell\/wp-content\/uploads\/p1\/rechts.gif\" alt=\"zu den Blogeintr&#228;gen\" width=\"40\" height=\"44\" border=\"0\" \/><\/a><\/td>\n<\/tr>\n<\/tbody>\n<\/table>\n<h4><img loading=\"lazy\" decoding=\"async\" src=\"\/aktuell\/wp-content\/uploads\/p1\/histcal.gif\" alt=\"Historisches zum Adventskalender\" width=\"438\" height=\"38\" border=\"0\" \/><\/h4>\n<p>Die wohl fr&#252;heste Form eines Adventskalenders stammt aus dem Jahre 1851.<img loading=\"lazy\" decoding=\"async\" class=\"rightborder\" title=\"Bild - Historischer Kalender\" src=\"\/aktuell\/wp-content\/uploads\/p2\/hikal.jpg\" alt=\"Bild - Historischer Kalender\" width=\"180\" height=\"247\" align=\"right\" border=\"0\" hspace=\"2\" vspace=\"2\" \/><br \/>\nDas erste gedruckte Exemplar verdankt seine Existenz den Kindheitserlebnissen eines schw&#228;bischen Pfarrersohnes aus Maulbronn, Gerhard Lang (1881-1974). Seine Mutter zeichnete 24 K&#228;stchen auf einen Karton, auf jedes war ein \u00bbWibele\u00ab gen&#228;ht. Gerhard Lang (sp&#228;ter Teilhaber der lithographischen Anstalt Reichhold &amp; Lang) druckte 1908 in M&#252;nchen den ersten Adventskalender, dabei verzichtete er auf die Geb&#228;ckst&#252;cke und verwendete stattdessen farbenpr&#228;chtige Zeichnungen.<br \/>\nDieser erste Adventskalender war noch fensterlos. Er bestand aus 2 Bl&#228;tter, auf einem waren Zahlen, auf dem anderen Engelsbilder. Jeden Tag wurde nun ein Engel ausgeschnitten und auf eine Zahl geklebt.<br \/>\nInnerhalb weniger Jahre wurden dann solche Kalender popul&#228;r. Von Beginn an war der Adventskalender als Handelsartikel entworfen und kommerziell genutzt. Diese kommerzielle Auslegung f&#252;hrt dazu, da&#223; christliche Motive ganz in den Hintergrund und Comicfiguren an deren Stelle treten. Schokoladen-Adventskalendern wurden in den sechziger Jahren erstmals hergestellt.<\/p>\n<p><!--Auch 2019 &#246;ffnet sich das erste Kalendert&#252;rchen am 1. Dezember. F&#252;r Updates, Ver&#228;nderungen oder neue Beitr&#228;ge reicht meine Zeit aufgrund privater Turbulenzen auch in diesem Jahr nicht...\nHallo Ralf - daf&#252;r brauche ich die gro&#223;e Kiste voller Weihnachtskarten ;)\n\nEinen besonderen Reiz &#252;ben nat&#252;rlich selbstgef&#252;llte und gebastelte Kalender aus. Wer aber erst jetzt  mit der Vorbeitung eines solchen Kalenders anfangen m&#246;chte, der ist definitiv zu sp&#228;t dran. Trotzdem zeige ich an der Stelle eine Bastelvariante: \nEin Kalender aus Klopapierpapierrollen. \nIrgendwie passend zu diesem verr&#252;ckten Jahr, in dem man nach Nudeln und Klopapier jagen musste. Gesehen und mitgenommen bei <a href=\"https:\/\/mamaimspagat.de\/adventskalender-aus-klopapierrollen-basteln\/\" rel=\"noopener noreferrer\" target=\"_blank\">Nadja (Mama im Spagat)<\/a> - da gibts auch die Anleitung.\n\n[caption id=\"attachment_1242\" align=\"aligncenter\" width=\"560\"]<a href=\"http:\/\/www.weihnachtszeiten.de\/aktuell\/wp-content\/uploads\/2020\/11\/Adventskalender-aus-Klorollen-8-1255x706-1.jpeg\" rel=\"lightbox[175]\"><img loading=\"lazy\" decoding=\"async\" src=\"http:\/\/www.weihnachtszeiten.de\/aktuell\/wp-content\/uploads\/2020\/11\/Adventskalender-aus-Klorollen-8-1255x706-1-560x315.jpeg\" alt=\"Adventskalender aus Klorollen\" width=\"560\" height=\"315\" class=\"size-large wp-image-1242\" srcset=\"http:\/\/www.weihnachtszeiten.de\/aktuell\/wp-content\/uploads\/2020\/11\/Adventskalender-aus-Klorollen-8-1255x706-1-560x315.jpeg 560w, http:\/\/www.weihnachtszeiten.de\/aktuell\/wp-content\/uploads\/2020\/11\/Adventskalender-aus-Klorollen-8-1255x706-1-270x152.jpeg 270w, http:\/\/www.weihnachtszeiten.de\/aktuell\/wp-content\/uploads\/2020\/11\/Adventskalender-aus-Klorollen-8-1255x706-1-768x432.jpeg 768w, http:\/\/www.weihnachtszeiten.de\/aktuell\/wp-content\/uploads\/2020\/11\/Adventskalender-aus-Klorollen-8-1255x706-1.jpeg 1255w\" sizes=\"auto, (max-width: 560px) 100vw, 560px\" \/><\/a> Adventskalender aus Klorollen \n- <a href=\"https:\/\/mamaimspagat.de\/adventskalender-aus-klopapierrollen-basteln\/\" rel=\"noopener noreferrer\" target=\"_blank\">hier zur Bastelanleitung<\/a>[\/caption] --><\/p>\n<p style=\"text-align: right;\">Mehr zum <a title=\"mehr &#252;ber Adventskalender\" href=\"http:\/\/www.weihnachtszeiten.de\/aktuell\/?s=adventskalender\">Thema Adventskalender<\/a><\/p>\n","protected":false},"excerpt":{"rendered":"<p>Geduld, ihr Neugiernasen! Wie schon in den letzten Jahren &#8211; f&#252;r den Kalender malte Terry Redlin ~~~ Heading Home ~~~ Die wohl fr&#252;heste Form eines Adventskalenders stammt aus dem Jahre 1851. Das erste gedruckte Exemplar verdankt seine Existenz den Kindheitserlebnissen eines schw&#228;bischen Pfarrersohnes aus Maulbronn, Gerhard Lang (1881-1974). Seine Mutter zeichnete 24 K&#228;stchen auf einen [&hellip;]<\/p>\n","protected":false},"author":1,"featured_media":0,"parent":0,"menu_order":1,"comment_status":"closed","ping_status":"closed","template":"","meta":{"footnotes":""},"class_list":["post-175","page","type-page","status-publish","hentry"],"_links":{"self":[{"href":"http:\/\/www.weihnachtszeiten.de\/aktuell\/wp-json\/wp\/v2\/pages\/175","targetHints":{"allow":["GET"]}}],"collection":[{"href":"http:\/\/www.weihnachtszeiten.de\/aktuell\/wp-json\/wp\/v2\/pages"}],"about":[{"href":"http:\/\/www.weihnachtszeiten.de\/aktuell\/wp-json\/wp\/v2\/types\/page"}],"author":[{"embeddable":true,"href":"http:\/\/www.weihnachtszeiten.de\/aktuell\/wp-json\/wp\/v2\/users\/1"}],"replies":[{"embeddable":true,"href":"http:\/\/www.weihnachtszeiten.de\/aktuell\/wp-json\/wp\/v2\/comments?post=175"}],"version-history":[{"count":0,"href":"http:\/\/www.weihnachtszeiten.de\/aktuell\/wp-json\/wp\/v2\/pages\/175\/revisions"}],"wp:attachment":[{"href":"http:\/\/www.weihnachtszeiten.de\/aktuell\/wp-json\/wp\/v2\/media?parent=175"}],"curies":[{"name":"wp","href":"https:\/\/api.w.org\/{rel}","templated":true}]}}